{"id":7430,"date":"2024-12-02T18:15:05","date_gmt":"2024-12-02T18:15:05","guid":{"rendered":"https:\/\/www.hospicecareottawa.ca\/?page_id=7430"},"modified":"2024-12-02T20:56:05","modified_gmt":"2024-12-02T20:56:05","slug":"mardi-je-donne-2024","status":"publish","type":"page","link":"https:\/\/www.hospicecareottawa.ca\/fr\/mardi-je-donne-2024\/","title":{"rendered":"Mardi Je Donne 2024"},"content":{"rendered":"<div class=\"wpb-content-wrapper\"><p>[vc_row][vc_column][vc_single_image image=\u00a0\u00bb7432&Prime; img_size=\u00a0\u00bbfull\u00a0\u00bb css=\u00a0\u00bb\u00a0\u00bb][vc_empty_space height=\u00a0\u00bb64px\u00a0\u00bb][\/vc_column][\/vc_row][vc_row][vc_column width=\u00a0\u00bb2\/3&Prime;][vc_column_text css=\u00a0\u00bb\u00a0\u00bb]<\/p>\n<h2 class=\"element wsite-content-title editable-text cke_editable cke_editable_inline cke_contents_ltr cke_show_borders cke_focus\" tabindex=\"0\" role=\"textbox\" contenteditable=\"true\" spellcheck=\"true\" aria-label=\"false\"><span style=\"font-size: xx-large;\">Transformez des vie en ce <em>Mardi Je Donne <\/em>!<\/span><\/h2>\n<p>[\/vc_column_text][vc_column_text css=\u00a0\u00bb\u00a0\u00bb]Gr\u00e2ce \u00e0 vous, nous avons recueilli 860\u00a0000\u00a0$ \u00e0 <em>Mardi je donne<\/em> ces sept derni\u00e8res ann\u00e9es! Cette ann\u00e9e, nous avons besoin de votre aide pour recueillir 150\u00a0000\u00a0$ afin de d\u00e9passer un million de dollars dans cette campagne d&rsquo;entraide! D&rsquo;ici au 3\u00a0d\u00e9cembre, <span style=\"color: #799b3e;\"><strong>votre don apportera encore plus de bienfaits gr\u00e2ce \u00e0 nos g\u00e9n\u00e9reux donateurs qui redoubleront vos dons jusqu&rsquo;\u00e0 un maximum de 85 000 $ !<\/strong><\/span><\/p>\n<p>Avec votre aide, nous atteindrons cet objectif ![\/vc_column_text][vc_empty_space height=\u00a0\u00bb64px\u00a0\u00bb][\/vc_column][vc_column width=\u00a0\u00bb1\/3&Prime;][vc_single_image image=\u00a0\u00bb7434&Prime; img_size=\u00a0\u00bbmedium\u00a0\u00bb alignment=\u00a0\u00bbcenter\u00a0\u00bb css=\u00a0\u00bb\u00a0\u00bb][\/vc_column][\/vc_row][vc_row][vc_column][vc_column_text css=\u00a0\u00bb\u00a0\u00bb]<\/p>\n<h2 class=\"element wsite-content-title editable-text cke_editable cke_editable_inline cke_contents_ltr cke_show_borders cke_focus\" tabindex=\"0\" role=\"textbox\" contenteditable=\"true\" spellcheck=\"true\" aria-label=\"false\"><span style=\"font-size: xx-large;\">Vos dons seront redoubl<\/span>\u00e9s par les familles et les donateurs suivants :<\/h2>\n<p>[\/vc_column_text][vc_empty_space height=\u00a0\u00bb64px\u00a0\u00bb][\/vc_column][\/vc_row][vc_row content_aligment=\u00a0\u00bbcenter\u00a0\u00bb][vc_column width=\u00a0\u00bb1\/3&Prime;][vc_single_image image=\u00a0\u00bb7400&Prime; img_size=\u00a0\u00bbfull\u00a0\u00bb alignment=\u00a0\u00bbcenter\u00a0\u00bb css=\u00a0\u00bb\u00a0\u00bb][vc_column_text css=\u00a0\u00bb\u00a0\u00bb]Gr\u00e2ce \u00e0 un don exceptionnel<span style=\"color: #799b3e;\"><strong> \u00e0 la m\u00e9moire de Graham Campbell<\/strong><\/span>, les bienfaits de votre don doubleront.[\/vc_column_text][\/vc_column][vc_column width=\u00a0\u00bb1\/3&Prime;][vc_single_image image=\u00a0\u00bb7398&Prime; img_size=\u00a0\u00bbfull\u00a0\u00bb alignment=\u00a0\u00bbcenter\u00a0\u00bb css=\u00a0\u00bb\u00a0\u00bb][vc_column_text css=\u00a0\u00bb\u00a0\u00bb]<\/p>\n<div>\n<p>\u00ab\u00a0La maison Ruddy-Shenkman Hospice me tient tr\u00e8s \u00e0 c\u0153ur, car c&rsquo;est l\u00e0 que se trouve le sentier comm\u00e9moratif <em>Richard&rsquo;s Woodland Walk<\/em>, au nom de mon cher mari Richard. Ce sentier naturel se trouve \u00e0 l&rsquo;ext\u00e9rieur de la maison Hein. Il a \u00e9t\u00e9 am\u00e9nag\u00e9 et entretenu avec amour par des b\u00e9n\u00e9voles extraordinaires. Je continue de soutenir la Maison de soins palliatifs d\u2019Ottawa afin que les familles puissent b\u00e9n\u00e9ficier des soins exceptionnels que le personnel et les b\u00e9n\u00e9voles prodiguent chaque jour aux personnes qui ont besoin avant tout que l\u2019on maintienne leur confort.\u00a0\u00bb<\/p>\n<\/div>\n<p><strong><span style=\"color: #799b3e;\">Gr\u00e2ce \u00e0 la g\u00e9n\u00e9rosit\u00e9 de Linda, votre don apportera deux fois plus de bienfaits.<\/span><br \/>\n<\/strong>[\/vc_column_text][\/vc_column][vc_column width=\u00a0\u00bb1\/3&Prime;][vc_single_image image=\u00a0\u00bb7402&Prime; img_size=\u00a0\u00bbfull\u00a0\u00bb alignment=\u00a0\u00bbcenter\u00a0\u00bb css=\u00a0\u00bb\u00a0\u00bb][vc_column_text css=\u00a0\u00bb\u00a0\u00bb]Gr\u00e2ce au don d&rsquo;un couple de premiers intervenants retrait\u00e9s qui <span style=\"color: #799b3e;\"><strong>croient en l&rsquo;importance de soins palliatifs de qualit\u00e9 dans notre collectivit\u00e9<\/strong><\/span>, votre don <span style=\"color: #799b3e;\"><strong>apportera deux fois plus de bienfaits<\/strong><strong>.<\/strong><\/span>[\/vc_column_text][\/vc_column][\/vc_row][vc_row][vc_column][vc_empty_space height=\u00a0\u00bb64px\u00a0\u00bb][vc_column_text css=\u00a0\u00bb\u00a0\u00bb]<\/p>\n<h2 class=\"element wsite-content-title editable-text cke_editable cke_editable_inline cke_contents_ltr cke_show_borders cke_focus\" tabindex=\"0\" role=\"textbox\" contenteditable=\"true\" spellcheck=\"true\" aria-label=\"false\"><span style=\"font-size: xx-large;\">Votre dons transformera des vies<\/span><\/h2>\n<p>[\/vc_column_text][vc_column_text css=\u00a0\u00bb\u00a0\u00bb]L&rsquo;ann\u00e9e derni\u00e8re, gr\u00e2ce \u00e0 nos merveilleux donateurs et bailleurs de fonds, nous avons pu soutenir plus de 1\u00a0700\u00a0personnes et leurs proches, en phase de fin de vie. Cette ann\u00e9e, nous sommes pr\u00eats \u00e0 faire de m\u00eame, mais nous avons besoin de votre soutien.<\/p>\n<p>Voici trois r\u00e9cits c\u00e9l\u00e9brant les moments merveilleux que les donateurs nous ont permis d&rsquo;organiser \u00e0 la Maison de soins palliatifs d\u2019Ottawa. Aidez-nous \u00e0 susciter d&rsquo;autres moments merveilleux pendant la saison des F\u00eates.[\/vc_column_text][vc_empty_space]<a href=\"https:\/\/give-can.keela.co\/giving-tuesday-2024-fr\" target=\"_self\"  class=\"mkdf-btn mkdf-btn-medium mkdf-btn-solid mkdf-btn-hover-outline\"  >\n\t\n\t\t<span class=\"mkdf-btn-text\">Donner Aujourd&#039;hui !<\/span>\n<\/a>[\/vc_column][\/vc_row][vc_row][vc_column][vc_empty_space height=\u00a0\u00bb64px\u00a0\u00bb][vc_column_text css=\u00a0\u00bb\u00a0\u00bb]<\/p>\n<h2>Membre \u00e0 vie de notre programme palliatif de jour<\/h2>\n<p>[\/vc_column_text][\/vc_column][\/vc_row][vc_row][vc_column width=\u00a0\u00bb1\/4&Prime;][vc_single_image image=\u00a0\u00bb7440&Prime; img_size=\u00a0\u00bbfull\u00a0\u00bb css=\u00a0\u00bb\u00a0\u00bb][vc_single_image image=\u00a0\u00bb7390&Prime; img_size=\u00a0\u00bblarge\u00a0\u00bb css=\u00a0\u00bb\u00a0\u00bb][\/vc_column][vc_column width=\u00a0\u00bb3\/4&Prime;][vc_empty_space height=\u00a0\u00bb64px\u00a0\u00bb][vc_empty_space height=\u00a0\u00bb64px\u00a0\u00bb][vc_column_text css=\u00a0\u00bb\u00a0\u00bb]<span style=\"color: #799b3e;\"><em><strong>Mon cher c\u0153ur,<\/strong><\/em><\/span><\/p>\n<p><em>Merci. Merci d&rsquo;avoir continu\u00e9 \u00e0 battre pendant tant d\u2019ann\u00e9es. Merci de m&rsquo;avoir permis de vivre une vie pleine et merveilleuse. Les choses ont mal commenc\u00e9 pour nous; tu \u00e9tais bris\u00e9 quand je suis n\u00e9e. Les m\u00e9decins ont dit \u00e0 mes parents que tu me causerais bien des probl\u00e8mes, que j&rsquo;aurais une vie difficile et trop courte. Tu ne les as pas \u00e9cout\u00e9s.<\/em><\/p>\n<p><em>Tu avais des plans pour nous deux. Tu avais pr\u00e9vu que j\u2019\u00e9tudierais et que j\u2019obtiendrais trois dipl\u00f4mes postsecondaires. Tu avais pr\u00e9vu que je voyagerais dans tout le pays et que j\u2019admirerais notre jardin. Tu savais d\u00e9j\u00e0 que je tomberais amoureuse de l&rsquo;homme le plus spectaculaire qui soit et que je deviendrais sa femme. Tu savais que je donnerais beaucoup d&rsquo;amour et que je serais aim\u00e9e en retour.<\/em><\/p>\n<p><em>Certains diront que 41\u00a0ans, ce n&rsquo;est pas assez. Je serais normalement d&rsquo;accord avec eux, mais nous avons travers\u00e9 de nombreuses exp\u00e9riences, et cela n&rsquo;a jamais \u00e9t\u00e9 facile.<\/em><\/p>\n<p><em>Le fait que tu aies continu\u00e9 \u00e0 pomper si longtemps m&rsquo;a toujours \u00e9tonn\u00e9e. Mais mon cher c\u0153ur, il est temps de nous reposer. Nous avons men\u00e9 une lutte longue et difficile, et nous n&rsquo;avons plus rien \u00e0 prouver.<\/em><\/p>\n<p><em>Nous sommes tous les deux \u00e9puis\u00e9s. Il est normal que nous nous arr\u00eations. Tu as accompli ton travail au mieux de tes capacit\u00e9s. Et pour cela, je t&rsquo;aime.<\/em><\/p>\n<p><span style=\"color: #799b3e;\"><em><strong>Avec ma plus profonde gratitude,<\/strong><\/em><\/span><\/p>\n<p><span style=\"color: #799b3e;\"><em><strong>Jen<\/strong><\/em><\/span>[\/vc_column_text][vc_empty_space height=\u00a0\u00bb64px\u00a0\u00bb][\/vc_column][\/vc_row][vc_row][vc_column][vc_single_image image=\u00a0\u00bb7443&Prime; img_size=\u00a0\u00bb455 x 65&Prime; css=\u00a0\u00bb\u00a0\u00bb][vc_column_text css=\u00a0\u00bb\u00a0\u00bb]<em>\u00ab\u00a0Je ne me souviens plus tr\u00e8s bien qui l&rsquo;avait sugg\u00e9r\u00e9, mais Jen a appel\u00e9 <\/em>la Maison de soins palliatifs d\u2019Ottawa <em>et a demand\u00e9 si elle pouvait se joindre <\/em><em>au Programme palliatif de jour. Comme elle \u00e9tait atteinte d&rsquo;une maladie limitant l&rsquo;esp\u00e9rance de vie, ils lui ont r\u00e9pondu qu\u2019elle y \u00e9tait admissible.<br \/>\nElle \u00e9tait ravie. Elle avait 31\u00a0ans quand elle s\u2019est jointe au Programme palliatif<\/em> <em>de jour du mardi \u00e0 La Maison May Court Hospice. Jen aimait jouer aux cartes, faire de l&rsquo;art, chanter. Elle adorait les b\u00e9n\u00e9voles, les membres du personnel et les autres r\u00e9sidents. Elle a particip\u00e9 au Programme pendant dix ans.<\/em><em><br \/>\nJen aimait particuli\u00e8rement toutes les f\u00eates qu\u2019on y organisait. Elle ne manquait jamais de porter les costumes les plus loufoques \u00e0 l\u2019Halloween, \u00e0 la Saint-Patrick, \u00e0 la Saint-Valentin et \u00e0 No\u00ebl! Plus sa tenue \u00e9tait extravagante, plus elle l\u2019aimait. Les membres du personnel attendaient toujours avec impatience de voir ce qu&rsquo;elle allait porter! Je pense qu&rsquo;elle leur donnait autant de plaisir qu\u2019elle en recevait d\u2019eux.<br \/>\nJen est morte paisiblement chez elle, entour\u00e9e de l\u2019amour de sa famille. Nous serons \u00e0 jamais reconnaissants de l&rsquo;amour et de l&rsquo;amiti\u00e9 que lui ont t\u00e9moign\u00e9s les personnes attentionn\u00e9es et compatissantes de <\/em>la Maison de soins palliatifs d\u2019Ottawa<em>.\u00a0\u00bb<\/em><\/p>\n<p><strong>Sharron Hart, la m\u00e8re de Jen<\/strong>[\/vc_column_text][vc_empty_space height=\u00a0\u00bb64px\u00a0\u00bb][\/vc_column][\/vc_row][vc_row][vc_column][vc_single_image image=\u00a0\u00bb7445&Prime; img_size=\u00a0\u00bb455 x 65&Prime; css=\u00a0\u00bb\u00a0\u00bb][vc_column_text css=\u00a0\u00bb\u00a0\u00bb]<em>\u00ab\u00a0Jen \u00e9tait une femme exceptionnelle qui a profond\u00e9ment touch\u00e9 tous les r\u00e9sidents et les b\u00e9n\u00e9voles du Programme du mardi pendant dix ans. Elle avait de l\u2019humour, du charme et beaucoup d&#8217;empathie pour chaque personne. Elle ne manquait jamais de remarquer qu\u2019une personne passait \u00ab\u00a0une mauvaise journ\u00e9e\u00a0\u00bb.<\/em><br \/>\n<em>Elle aimait s&rsquo;amuser, que ce soit en jouant aux cartes ou en se d\u00e9guisant pour les f\u00eates, et son enthousiasme \u00e9tait contagieux. Elle \u00e9tait une b\u00e9n\u00e9vole extraordinaire, m\u00eame si elle n\u2019\u00e9tait qu&rsquo;une invit\u00e9e au programme. Sa g\u00e9n\u00e9rosit\u00e9 \u00e9tait l\u00e9gendaire.\u00a0\u00bb<\/em><\/p>\n<p><strong>Martha Nixon, b\u00e9n\u00e9vole au Programme palliatif de jour<\/strong>[\/vc_column_text][\/vc_column][\/vc_row][vc_row][vc_column][vc_empty_space height=\u00a0\u00bb64px\u00a0\u00bb][vc_column_text css=\u00a0\u00bb\u00a0\u00bb]<\/p>\n<h2>Honorer ses derniers <span style=\"color: #000000;\">volont\u00e9s<\/span><\/h2>\n<p>[\/vc_column_text][\/vc_column][\/vc_row][vc_row][vc_column][vc_empty_space][vc_single_image image=\u00a0\u00bb7405&Prime; img_size=\u00a0\u00bbfull\u00a0\u00bb css=\u00a0\u00bb\u00a0\u00bb][vc_column_text css=\u00a0\u00bb\u00a0\u00bb]L&rsquo;\u00e9t\u00e9 dernier, l\u2019Action de gr\u00e2ce est arriv\u00e9e plus t\u00f4t que pr\u00e9vu pour cette famille de la Maison Ruddy-Shenkman Hospice. Apr\u00e8s avoir pass\u00e9 trois semaines \u00e0 l&rsquo;h\u00f4pital sans app\u00e9tit, cette r\u00e9sidente a retrouv\u00e9 l&rsquo;app\u00e9tit d\u00e8s son arriv\u00e9e \u00e0 la Maison Hein. Elle avait envie de la sauce de sa belle-s\u0153ur.<\/p>\n<p>Apr\u00e8s avoir consult\u00e9 le personnel de la r\u00e9sidence de soins palliatifs, la famille a organis\u00e9 un repas de l\u2019Action de gr\u00e2ce qui \u00e9tait aussi un repas d&rsquo;adieu. Entour\u00e9e de trois g\u00e9n\u00e9rations de parents, de voisins et d&rsquo;amis, cette r\u00e9sidente a pu jouir une derni\u00e8re fois de sa f\u00eate pr\u00e9f\u00e9r\u00e9e, se d\u00e9lecter de la sauce qu\u2019elle adorait et assister \u00e0 une c\u00e9l\u00e9bration de sa propre vie. C\u2019\u00e9tait exactement ce qu\u2019elle avait souhait\u00e9.<\/p>\n<p><span style=\"color: #799b3e;\"><strong>Nous avons \u00e9t\u00e9 tr\u00e8s heureux de pouvoir respecter ses derni\u00e8res volont\u00e9s.<\/strong><\/span>[\/vc_column_text][\/vc_column][\/vc_row][vc_row][vc_column][vc_empty_space height=\u00a0\u00bb64px\u00a0\u00bb][vc_column_text css=\u00a0\u00bb\u00a0\u00bb]<\/p>\n<h2>Une demande unique<\/h2>\n<p>[\/vc_column_text][\/vc_column][\/vc_row][vc_row][vc_column width=\u00a0\u00bb2\/3&Prime;][vc_empty_space][vc_empty_space][vc_column_text css=\u00a0\u00bb\u00a0\u00bb]Derni\u00e8rement, dans une unit\u00e9 de soins palliatifs de la Maison de l&rsquo;Est, nous avons re\u00e7u des visiteurs adorables qui ont pass\u00e9 la nuit avec nous. Notre r\u00e9sidente aimait ses six petits-enfants, et il \u00e9tait tr\u00e8s important pour elle que chacun d&rsquo;entre eux puisse passer une nuit avec elle. La r\u00e9sidente et les membres de sa famille ont \u00e9t\u00e9 vraiment heureux que le personnel de la Maison de l&rsquo;Est puisse r\u00e9pondre \u00e0 ses souhaits. En fait, la plupart de ses proches ont camp\u00e9 \u00e0 la Maison de l\u2019Est pendant les derniers jours de la vie de cette r\u00e9sidente. En pensant que les derniers sons qu\u2019elle a entendus \u00e9taient ceux de ses petits-enfants, nous avons chaud au c\u0153ur.<\/p>\n<p><span style=\"color: #799b3e;\"><strong>Il s&rsquo;agit l\u00e0 d&rsquo;un autre exemple de votre soutien qui permet aux familles de vivre des moments merveilleux pendant les jours les plus difficiles.<\/strong><\/span>[\/vc_column_text][\/vc_column][vc_column width=\u00a0\u00bb1\/3&Prime;][vc_single_image image=\u00a0\u00bb7447&Prime; img_size=\u00a0\u00bbfull\u00a0\u00bb alignment=\u00a0\u00bbcenter\u00a0\u00bb css=\u00a0\u00bb\u00a0\u00bb][\/vc_column][\/vc_row][vc_row][vc_column][vc_empty_space height=\u00a0\u00bb64px\u00a0\u00bb][vc_column_text css=\u00a0\u00bb\u00a0\u00bb]<\/p>\n<h2 id=\"339870623115604842\" class=\"element wsite-content-title editable-text cke_editable cke_editable_inline cke_contents_ltr cke_focus cke_show_borders\" tabindex=\"0\" role=\"textbox\" contenteditable=\"true\" spellcheck=\"true\" aria-label=\"false\"><span style=\"font-size: xx-large;\">Ensemble, nous veillons \u00e0 ce qu\u2019un plus grand nombre de familles re\u00e7oivent des soins compatissants pendant les F\u00eates<\/span><\/h2>\n<p>[\/vc_column_text][vc_empty_space][vc_single_image image=\u00a0\u00bb7450&Prime; img_size=\u00a0\u00bbfull\u00a0\u00bb alignment=\u00a0\u00bbcenter\u00a0\u00bb onclick=\u00a0\u00bbcustom_link\u00a0\u00bb css=\u00a0\u00bb\u00a0\u00bb link=\u00a0\u00bbhttps:\/\/give-can.keela.co\/giving-tuesday-2024-fr\u00a0\u00bb][vc_empty_space height=\u00a0\u00bb64px\u00a0\u00bb][\/vc_column][\/vc_row]<\/p>\n<\/div>","protected":false},"excerpt":{"rendered":"<p>[vc_row][vc_column][vc_single_image image=\u00a0\u00bb7432&Prime; img_size=\u00a0\u00bbfull\u00a0\u00bb css=\u00a0\u00bb\u00a0\u00bb][vc_empty_space height=\u00a0\u00bb64px\u00a0\u00bb][\/vc_column][\/vc_row][vc_row][vc_column width=\u00a0\u00bb2\/3&Prime;][vc_column_text css=\u00a0\u00bb\u00a0\u00bb] Transformez des vie en ce Mardi Je Donne ! [\/vc_column_text][vc_column_text css=\u00a0\u00bb\u00a0\u00bb]Gr\u00e2ce \u00e0 vous, nous avons recueilli 860\u00a0000\u00a0$ \u00e0 Mardi je donne ces sept derni\u00e8res ann\u00e9es!&#8230;<\/p>\n","protected":false},"author":3,"featured_media":0,"parent":0,"menu_order":0,"comment_status":"closed","ping_status":"closed","template":"","meta":{"_bbp_topic_count":0,"_bbp_reply_count":0,"_bbp_total_topic_count":0,"_bbp_total_reply_count":0,"_bbp_voice_count":0,"_bbp_anonymous_reply_count":0,"_bbp_topic_count_hidden":0,"_bbp_reply_count_hidden":0,"_bbp_forum_subforum_count":0,"footnotes":""},"class_list":["post-7430","page","type-page","status-publish","hentry"],"yoast_head":"<!-- This site is optimized with the Yoast SEO plugin v27.4 - https:\/\/yoast.com\/product\/yoast-seo-wordpress\/ -->\n<title>Mardi Je Donne 2024 - Hospice Care Ottawa<\/title>\n<meta name=\"robots\" content=\"index, follow, max-snippet:-1, max-image-preview:large, max-video-preview:-1\" \/>\n<link rel=\"canonical\" href=\"https:\/\/www.hospicecareottawa.ca\/fr\/mardi-je-donne-2024\/\" \/>\n<meta property=\"og:locale\" content=\"fr_FR\" \/>\n<meta property=\"og:type\" content=\"article\" \/>\n<meta property=\"og:title\" content=\"Mardi Je Donne 2024 - Hospice Care Ottawa\" \/>\n<meta property=\"og:description\" content=\"[vc_row][vc_column][vc_single_image image=\u00a0\u00bb7432&Prime; img_size=\u00a0\u00bbfull\u00a0\u00bb css=\u00a0\u00bb\u00a0\u00bb][vc_empty_space height=\u00a0\u00bb64px\u00a0\u00bb][\/vc_column][\/vc_row][vc_row][vc_column width=\u00a0\u00bb2\/3&Prime;][vc_column_text css=\u00a0\u00bb\u00a0\u00bb] Transformez des vie en ce Mardi Je Donne ! [\/vc_column_text][vc_column_text css=\u00a0\u00bb\u00a0\u00bb]Gr\u00e2ce \u00e0 vous, nous avons recueilli 860\u00a0000\u00a0$ \u00e0 Mardi je donne ces sept derni\u00e8res ann\u00e9es!...\" \/>\n<meta property=\"og:url\" content=\"https:\/\/www.hospicecareottawa.ca\/fr\/mardi-je-donne-2024\/\" \/>\n<meta property=\"og:site_name\" content=\"Hospice Care Ottawa\" \/>\n<meta property=\"article:modified_time\" content=\"2024-12-02T20:56:05+00:00\" \/>\n<meta property=\"og:image\" content=\"https:\/\/www.hospicecareottawa.ca\/wp-content\/uploads\/2024\/03\/footer_logo-en.png\" \/>\n\t<meta property=\"og:image:width\" content=\"180\" \/>\n\t<meta property=\"og:image:height\" content=\"149\" \/>\n\t<meta property=\"og:image:type\" content=\"image\/png\" \/>\n<meta name=\"twitter:card\" content=\"summary_large_image\" \/>\n<meta name=\"twitter:site\" content=\"@HospiceCareOtt\" \/>\n<meta name=\"twitter:label1\" content=\"Dur\u00e9e de lecture estim\u00e9e\" \/>\n\t<meta name=\"twitter:data1\" content=\"9 minutes\" \/>\n<script type=\"application\/ld+json\" class=\"yoast-schema-graph\">{\"@context\":\"https:\\\/\\\/schema.org\",\"@graph\":[{\"@type\":\"WebPage\",\"@id\":\"https:\\\/\\\/www.hospicecareottawa.ca\\\/fr\\\/mardi-je-donne-2024\\\/\",\"url\":\"https:\\\/\\\/www.hospicecareottawa.ca\\\/fr\\\/mardi-je-donne-2024\\\/\",\"name\":\"Mardi Je Donne 2024 - Hospice Care Ottawa\",\"isPartOf\":{\"@id\":\"https:\\\/\\\/www.hospicecareottawa.ca\\\/fr\\\/#website\"},\"datePublished\":\"2024-12-02T18:15:05+00:00\",\"dateModified\":\"2024-12-02T20:56:05+00:00\",\"breadcrumb\":{\"@id\":\"https:\\\/\\\/www.hospicecareottawa.ca\\\/fr\\\/mardi-je-donne-2024\\\/#breadcrumb\"},\"inLanguage\":\"fr-FR\",\"potentialAction\":[{\"@type\":\"ReadAction\",\"target\":[\"https:\\\/\\\/www.hospicecareottawa.ca\\\/fr\\\/mardi-je-donne-2024\\\/\"]}]},{\"@type\":\"BreadcrumbList\",\"@id\":\"https:\\\/\\\/www.hospicecareottawa.ca\\\/fr\\\/mardi-je-donne-2024\\\/#breadcrumb\",\"itemListElement\":[{\"@type\":\"ListItem\",\"position\":1,\"name\":\"Home\",\"item\":\"https:\\\/\\\/www.hospicecareottawa.ca\\\/fr\\\/\"},{\"@type\":\"ListItem\",\"position\":2,\"name\":\"Mardi Je Donne 2024\"}]},{\"@type\":\"WebSite\",\"@id\":\"https:\\\/\\\/www.hospicecareottawa.ca\\\/fr\\\/#website\",\"url\":\"https:\\\/\\\/www.hospicecareottawa.ca\\\/fr\\\/\",\"name\":\"Hospice Care Ottawa\",\"description\":\"Promouvoir une qualit\u00e9 de vie, la compassion dans la mort et le soutien dans le deuil pour les personnes dans le besoin au sein de notre communaut\u00e9.\",\"publisher\":{\"@id\":\"https:\\\/\\\/www.hospicecareottawa.ca\\\/fr\\\/#organization\"},\"potentialAction\":[{\"@type\":\"SearchAction\",\"target\":{\"@type\":\"EntryPoint\",\"urlTemplate\":\"https:\\\/\\\/www.hospicecareottawa.ca\\\/fr\\\/?s={search_term_string}\"},\"query-input\":{\"@type\":\"PropertyValueSpecification\",\"valueRequired\":true,\"valueName\":\"search_term_string\"}}],\"inLanguage\":\"fr-FR\"},{\"@type\":\"Organization\",\"@id\":\"https:\\\/\\\/www.hospicecareottawa.ca\\\/fr\\\/#organization\",\"name\":\"Hospice Care Ottawa\",\"url\":\"https:\\\/\\\/www.hospicecareottawa.ca\\\/fr\\\/\",\"logo\":{\"@type\":\"ImageObject\",\"inLanguage\":\"fr-FR\",\"@id\":\"https:\\\/\\\/www.hospicecareottawa.ca\\\/fr\\\/#\\\/schema\\\/logo\\\/image\\\/\",\"url\":\"https:\\\/\\\/www.hospicecareottawa.ca\\\/wp-content\\\/uploads\\\/2024\\\/03\\\/footer_logo-en.png\",\"contentUrl\":\"https:\\\/\\\/www.hospicecareottawa.ca\\\/wp-content\\\/uploads\\\/2024\\\/03\\\/footer_logo-en.png\",\"width\":180,\"height\":149,\"caption\":\"Hospice Care Ottawa\"},\"image\":{\"@id\":\"https:\\\/\\\/www.hospicecareottawa.ca\\\/fr\\\/#\\\/schema\\\/logo\\\/image\\\/\"},\"sameAs\":[\"https:\\\/\\\/x.com\\\/HospiceCareOtt\"]}]}<\/script>\n<!-- \/ Yoast SEO plugin. -->","yoast_head_json":{"title":"Mardi Je Donne 2024 - Hospice Care Ottawa","robots":{"index":"index","follow":"follow","max-snippet":"max-snippet:-1","max-image-preview":"max-image-preview:large","max-video-preview":"max-video-preview:-1"},"canonical":"https:\/\/www.hospicecareottawa.ca\/fr\/mardi-je-donne-2024\/","og_locale":"fr_FR","og_type":"article","og_title":"Mardi Je Donne 2024 - Hospice Care Ottawa","og_description":"[vc_row][vc_column][vc_single_image image=\u00a0\u00bb7432&Prime; img_size=\u00a0\u00bbfull\u00a0\u00bb css=\u00a0\u00bb\u00a0\u00bb][vc_empty_space height=\u00a0\u00bb64px\u00a0\u00bb][\/vc_column][\/vc_row][vc_row][vc_column width=\u00a0\u00bb2\/3&Prime;][vc_column_text css=\u00a0\u00bb\u00a0\u00bb] Transformez des vie en ce Mardi Je Donne ! [\/vc_column_text][vc_column_text css=\u00a0\u00bb\u00a0\u00bb]Gr\u00e2ce \u00e0 vous, nous avons recueilli 860\u00a0000\u00a0$ \u00e0 Mardi je donne ces sept derni\u00e8res ann\u00e9es!...","og_url":"https:\/\/www.hospicecareottawa.ca\/fr\/mardi-je-donne-2024\/","og_site_name":"Hospice Care Ottawa","article_modified_time":"2024-12-02T20:56:05+00:00","og_image":[{"width":180,"height":149,"url":"https:\/\/www.hospicecareottawa.ca\/wp-content\/uploads\/2024\/03\/footer_logo-en.png","type":"image\/png"}],"twitter_card":"summary_large_image","twitter_site":"@HospiceCareOtt","twitter_misc":{"Dur\u00e9e de lecture estim\u00e9e":"9 minutes"},"schema":{"@context":"https:\/\/schema.org","@graph":[{"@type":"WebPage","@id":"https:\/\/www.hospicecareottawa.ca\/fr\/mardi-je-donne-2024\/","url":"https:\/\/www.hospicecareottawa.ca\/fr\/mardi-je-donne-2024\/","name":"Mardi Je Donne 2024 - Hospice Care Ottawa","isPartOf":{"@id":"https:\/\/www.hospicecareottawa.ca\/fr\/#website"},"datePublished":"2024-12-02T18:15:05+00:00","dateModified":"2024-12-02T20:56:05+00:00","breadcrumb":{"@id":"https:\/\/www.hospicecareottawa.ca\/fr\/mardi-je-donne-2024\/#breadcrumb"},"inLanguage":"fr-FR","potentialAction":[{"@type":"ReadAction","target":["https:\/\/www.hospicecareottawa.ca\/fr\/mardi-je-donne-2024\/"]}]},{"@type":"BreadcrumbList","@id":"https:\/\/www.hospicecareottawa.ca\/fr\/mardi-je-donne-2024\/#breadcrumb","itemListElement":[{"@type":"ListItem","position":1,"name":"Home","item":"https:\/\/www.hospicecareottawa.ca\/fr\/"},{"@type":"ListItem","position":2,"name":"Mardi Je Donne 2024"}]},{"@type":"WebSite","@id":"https:\/\/www.hospicecareottawa.ca\/fr\/#website","url":"https:\/\/www.hospicecareottawa.ca\/fr\/","name":"Hospice Care Ottawa","description":"Promouvoir une qualit\u00e9 de vie, la compassion dans la mort et le soutien dans le deuil pour les personnes dans le besoin au sein de notre communaut\u00e9.","publisher":{"@id":"https:\/\/www.hospicecareottawa.ca\/fr\/#organization"},"potentialAction":[{"@type":"SearchAction","target":{"@type":"EntryPoint","urlTemplate":"https:\/\/www.hospicecareottawa.ca\/fr\/?s={search_term_string}"},"query-input":{"@type":"PropertyValueSpecification","valueRequired":true,"valueName":"search_term_string"}}],"inLanguage":"fr-FR"},{"@type":"Organization","@id":"https:\/\/www.hospicecareottawa.ca\/fr\/#organization","name":"Hospice Care Ottawa","url":"https:\/\/www.hospicecareottawa.ca\/fr\/","logo":{"@type":"ImageObject","inLanguage":"fr-FR","@id":"https:\/\/www.hospicecareottawa.ca\/fr\/#\/schema\/logo\/image\/","url":"https:\/\/www.hospicecareottawa.ca\/wp-content\/uploads\/2024\/03\/footer_logo-en.png","contentUrl":"https:\/\/www.hospicecareottawa.ca\/wp-content\/uploads\/2024\/03\/footer_logo-en.png","width":180,"height":149,"caption":"Hospice Care Ottawa"},"image":{"@id":"https:\/\/www.hospicecareottawa.ca\/fr\/#\/schema\/logo\/image\/"},"sameAs":["https:\/\/x.com\/HospiceCareOtt"]}]}},"_links":{"self":[{"href":"https:\/\/www.hospicecareottawa.ca\/fr\/wp-json\/wp\/v2\/pages\/7430","targetHints":{"allow":["GET"]}}],"collection":[{"href":"https:\/\/www.hospicecareottawa.ca\/fr\/wp-json\/wp\/v2\/pages"}],"about":[{"href":"https:\/\/www.hospicecareottawa.ca\/fr\/wp-json\/wp\/v2\/types\/page"}],"author":[{"embeddable":true,"href":"https:\/\/www.hospicecareottawa.ca\/fr\/wp-json\/wp\/v2\/users\/3"}],"replies":[{"embeddable":true,"href":"https:\/\/www.hospicecareottawa.ca\/fr\/wp-json\/wp\/v2\/comments?post=7430"}],"version-history":[{"count":11,"href":"https:\/\/www.hospicecareottawa.ca\/fr\/wp-json\/wp\/v2\/pages\/7430\/revisions"}],"predecessor-version":[{"id":7462,"href":"https:\/\/www.hospicecareottawa.ca\/fr\/wp-json\/wp\/v2\/pages\/7430\/revisions\/7462"}],"wp:attachment":[{"href":"https:\/\/www.hospicecareottawa.ca\/fr\/wp-json\/wp\/v2\/media?parent=7430"}],"curies":[{"name":"wp","href":"https:\/\/api.w.org\/{rel}","templated":true}]}}